{"id":504,"date":"2022-12-28T15:13:50","date_gmt":"2022-12-28T15:13:50","guid":{"rendered":"http:\/\/51.75.204.15\/?page_id=504"},"modified":"2025-03-26T09:40:33","modified_gmt":"2025-03-26T09:40:33","slug":"sepulcro_composicion","status":"publish","type":"page","link":"https:\/\/www.cofradiasontinyent.com\/ca\/sepulcro_composicion\/","title":{"rendered":"Sepulcro_composicion"},"content":{"rendered":"<div      class=\"vc_row wpb_row section vc_row-fluid  vc_custom_1521812392429\" style=' text-align:left;'><div class=\"full_section_inner clearfix\"><div class=\"wpb_column vc_column_container vc_col-sm-12\"><div class=\"vc_column-inner\"><div class=\"wpb_wrapper\"><div class=\"separator  transparent\" style=\"\"><\/div>\n<div      class=\"vc_row wpb_row section vc_row-fluid vc_inner  vc_custom_1521812433367 grid_section\" style=' text-align:left;'><div class=\"section_inner clearfix\"><div class='section_inner_margin clearfix'><div class=\"wpb_column vc_column_container vc_col-sm-2\"><div class=\"vc_column-inner\"><div class=\"wpb_wrapper\"><\/div><\/div><\/div><div class=\"wpb_column vc_column_container vc_col-sm-8\"><div class=\"vc_column-inner\"><div class=\"wpb_wrapper\">\n\t<div class=\"wpb_text_column wpb_content_element\">\n\t\t<div class=\"wpb_wrapper\">\n\t\t\t<p lang=\"es-ES\" style=\"text-align: center;\"><span style=\"color: #000099;\"><span style=\"font-size: xx-large;\"><b><span style=\"color: #ffffff;\">_<\/span>Confraria del Sant Sepulcre<\/b><\/span><\/span><\/p>\n\n\t\t<\/div> \n\t<\/div> \n\t<div class=\"wpb_single_image wpb_content_element vc_align_center\">\n\t\t<div class=\"wpb_wrapper\">\n\t\t\t\n\t\t\t<a href=\"https:\/\/www.cofradiasontinyent.com\/wp-content\/uploads\/2022\/12\/Sepulcro_1-1024x685.jpg\" target=\"_self\"><div class=\"vc_single_image-wrapper   vc_box_border_grey\"><img loading=\"lazy\" decoding=\"async\" width=\"2560\" height=\"1714\" src=\"https:\/\/www.cofradiasontinyent.com\/wp-content\/uploads\/2022\/12\/Sepulcro_1-scaled.jpg\" class=\"vc_single_image-img attachment-full\" alt=\"\" srcset=\"https:\/\/www.cofradiasontinyent.com\/wp-content\/uploads\/2022\/12\/Sepulcro_1-scaled.jpg 2560w, https:\/\/www.cofradiasontinyent.com\/wp-content\/uploads\/2022\/12\/Sepulcro_1-300x201.jpg 300w, https:\/\/www.cofradiasontinyent.com\/wp-content\/uploads\/2022\/12\/Sepulcro_1-1024x685.jpg 1024w, https:\/\/www.cofradiasontinyent.com\/wp-content\/uploads\/2022\/12\/Sepulcro_1-768x514.jpg 768w, https:\/\/www.cofradiasontinyent.com\/wp-content\/uploads\/2022\/12\/Sepulcro_1-1536x1028.jpg 1536w, https:\/\/www.cofradiasontinyent.com\/wp-content\/uploads\/2022\/12\/Sepulcro_1-2048x1371.jpg 2048w, https:\/\/www.cofradiasontinyent.com\/wp-content\/uploads\/2022\/12\/Sepulcro_1-700x469.jpg 700w\" sizes=\"auto, (max-width: 2560px) 100vw, 2560px\" \/><\/div><\/a>\n\t\t<\/div>\n\t<\/div>\n<div class=\"separator  transparent\" style=\"\"><\/div>\n<div class=\"separator  transparent\" style=\"\"><\/div>\n<\/div><\/div><\/div><div class=\"wpb_column vc_column_container vc_col-sm-2\"><div class=\"vc_column-inner\"><div class=\"wpb_wrapper\"><\/div><\/div><\/div><\/div><\/div><\/div><div      class=\"vc_row wpb_row section vc_row-fluid vc_inner  vc_custom_1521812433367 grid_section\" style=' text-align:left;'><div class=\"section_inner clearfix\"><div class='section_inner_margin clearfix'><div class=\"wpb_column vc_column_container vc_col-sm-2\"><div class=\"vc_column-inner\"><div class=\"wpb_wrapper\"><\/div><\/div><\/div><div class=\"wpb_column vc_column_container vc_col-sm-4\"><div class=\"vc_column-inner\"><div class=\"wpb_wrapper\">\n\t<div class=\"wpb_text_column wpb_content_element\">\n\t\t<div class=\"wpb_wrapper\">\n\t\t\t<p><span style=\"color: #0000cc;\"><span style=\"font-family: Times New Roman, serif;\"><span style=\"font-size: x-large;\"><span style=\"color: #ffffff;\"><b>_<\/b><\/span><b>El Sant Sepulcre.<\/b><span style=\"color: #ffffff;\"><b>_<\/b><\/span><b>El Pas del T\u00e8xtil<\/b><\/span><\/span><\/span><\/p>\n<p><span style=\"color: #000000;\"><span style=\"font-family: Times New Roman, serif;\"><span style=\"font-size: large;\"><b><span style=\"color: #ffffff;\">_<\/span>Fundaci\u00f3 anterior a 1791<\/b><\/span><\/span><\/span><\/p>\n<p><span style=\"font-family: Times New Roman, serif;\"><span style=\"font-size: large;\"><b><span style=\"color: #ffffff;\">_<\/span><span style=\"color: #0000cc;\">President:<\/span><\/b><\/span><\/span><\/p>\n<p><span style=\"color: #000000;\"><span style=\"font-family: Times New Roman, serif;\"><span style=\"font-size: medium;\"><span style=\"color: #ffffff;\">__<\/span>Daniel Mart\u00ednez S\u00e1nchez<\/span><\/span><\/span><\/p>\n<p><span style=\"font-family: Times New Roman, serif;\"><span style=\"font-size: large;\"><b><span style=\"color: #ffffff;\">_<\/span><span style=\"color: #0000cc;\">Vicepresident:<\/span><\/b><\/span><\/span><\/p>\n<p><span style=\"color: #000000;\"><span style=\"font-family: Times New Roman, serif;\"><span style=\"font-size: medium;\"><span style=\"color: #ffffff;\">__<\/span>Vicente Beneito Calabuig<\/span><\/span><\/span><\/p>\n<p><span style=\"font-family: Times New Roman, serif;\"><span style=\"font-size: large;\"><b><span style=\"color: #ffffff;\">_<\/span><span style=\"color: #0000cc;\">Secretari:<\/span><\/b><\/span><\/span><\/p>\n<p><span style=\"color: #000000;\"><span style=\"font-family: Times New Roman, serif;\"><span style=\"font-size: medium;\"><span style=\"color: #ffffff;\">__<\/span>Vicente Gil Gandia<\/span><\/span><\/span><\/p>\n<p><span style=\"font-family: Times New Roman, serif;\"><span style=\"font-size: large;\"><b><span style=\"color: #ffffff;\">_<\/span><span style=\"color: #0000cc;\">Vocals:<\/span><\/b><\/span><\/span><\/p>\n<p><span style=\"color: #000000;\"><span style=\"font-family: Times New Roman, serif;\"><span style=\"font-size: medium;\"><span style=\"color: #ffffff;\">__<\/span>Vicente Eugenio Esparza Moll\u00e1<\/span><\/span><\/span><\/p>\n<p><span style=\"color: #000000;\"><span style=\"font-family: Times New Roman, serif;\"><span style=\"font-size: large;\"><span style=\"color: #ffffff;\"><span style=\"font-size: medium;\">__<\/span><\/span><span style=\"font-size: medium;\">Jos\u00e9 Antonio Garc\u00eda Soriano<\/span><\/span><\/span><\/span><\/p>\n<p><span style=\"font-family: Times New Roman, serif;\"><span style=\"font-size: large;\"><b><span style=\"color: #ffffff;\">_<\/span><span style=\"color: #0000cc;\">Consiliari:<\/span><\/b><\/span><\/span><\/p>\n<p><span style=\"color: #000000;\"><span style=\"font-family: Times New Roman, serif;\"><span style=\"font-size: large;\"><span style=\"color: #ffffff;\"><span style=\"font-size: medium;\">__<\/span><\/span><span style=\"font-size: medium;\">Rvdo.D.Antonio Ferrando Mart\u00ed<\/span><\/span><\/span><\/span><\/p>\n\n\t\t<\/div> \n\t<\/div> <\/div><\/div><\/div><div class=\"wpb_column vc_column_container vc_col-sm-4\"><div class=\"vc_column-inner\"><div class=\"wpb_wrapper\">\n\t<div class=\"wpb_text_column wpb_content_element\">\n\t\t<div class=\"wpb_wrapper\">\n\t\t\t<p lang=\"es-ES\" align=\"LEFT\"><span style=\"color: #000099;\"><span style=\"font-family: Times New Roman, serif;\"><span style=\"font-size: large;\"><b><span style=\"color: #ffffff;\">_<\/span>Activitats:<\/b><\/span><\/span><\/span><\/p>\n<p lang=\"es-ES\" align=\"LEFT\"><span style=\"color: #000000;\"><span style=\"font-family: Times New Roman, serif;\"><span style=\"font-size: medium;\"><span style=\"color: #ffffff;\">__<\/span>\u2013Participem en el Via crucis que es realitza en el Llombo el Diumenge de Rams a la vesprada i que organitza la confraria del Crist de la Palma.<\/span><\/span><\/span><\/p>\n<p lang=\"es-ES\" align=\"LEFT\"><span style=\"color: #000000;\"><span style=\"font-family: Times New Roman, serif;\"><span style=\"font-size: medium;\"><span style=\"color: #ffffff;\">__<\/span>\u2013Tamb\u00e9 participem en la process\u00f3 del Silenci que es realitza el Dijous Sant a la nit i que organitza la Germanor del Crist de l'Expiraci\u00f3 i La nostra Senyora del Patrocini juntament amb la Confraria de La Soledat.<\/span><\/span><\/span><\/p>\n<p lang=\"es-ES\" align=\"LEFT\"><span style=\"color: #000000;\"><span style=\"font-family: Times New Roman, serif;\"><span style=\"font-size: medium;\"><span style=\"color: #ffffff;\">__<\/span>\u2013El Jueves Sant al mat\u00ed, ens reunim a l'Esgl\u00e9sia de Santa Mar\u00eda, per a preparar la imatge del Sant Sepulcre, per a la seua exposici\u00f3 fins a la seua participaci\u00f3 en la process\u00f3 del Sant Enterrament. Finalitzada la process\u00f3, preparem la imatge del Sant Sepulcre, per a la realitzaci\u00f3 de l'Ofici de Tenebres del Dissabte Sant.<\/span><\/span><\/span><\/p>\n<p lang=\"es-ES\" align=\"LEFT\"><span style=\"color: #000000;\"><span style=\"font-family: Times New Roman, serif;\"><span style=\"font-size: medium;\"><span style=\"color: #ffffff;\">__<\/span>\u2013El Dissabte Sant al mat\u00ed, despr\u00e9s d'un esmorzar de germanor, juntament amb la confraria del Crist de la Palma, ens dirigim a l'Esgl\u00e9sia de Santa Mar\u00eda, on organitzem i participem en l'ofici de Tenebres. Finalitzat l'Ofici, procedim a col\u00b7locar la Imatge en la seua capella.<\/span><\/span><\/span><\/p>\n\n\t\t<\/div> \n\t<\/div> <\/div><\/div><\/div><div class=\"wpb_column vc_column_container vc_col-sm-2\"><div class=\"vc_column-inner\"><div class=\"wpb_wrapper\"><\/div><\/div><\/div><\/div><\/div><\/div><div      class=\"vc_row wpb_row section vc_row-fluid vc_inner  vc_custom_1521812433367 grid_section\" style=' text-align:left;'><div class=\"section_inner clearfix\"><div class='section_inner_margin clearfix'><div class=\"wpb_column vc_column_container vc_col-sm-2\"><div class=\"vc_column-inner\"><div class=\"wpb_wrapper\"><\/div><\/div><\/div><div class=\"wpb_column vc_column_container vc_col-sm-4\"><div class=\"vc_column-inner\"><div class=\"wpb_wrapper\">\n\t<div class=\"wpb_single_image wpb_content_element vc_align_center\">\n\t\t<div class=\"wpb_wrapper\">\n\t\t\t\n\t\t\t<a href=\"https:\/\/www.cofradiasontinyent.com\/wp-content\/uploads\/2024\/02\/Foto-1-1024x768.jpg\" target=\"_self\"><div class=\"vc_single_image-wrapper   vc_box_border_grey\"><img loading=\"lazy\" decoding=\"async\" width=\"1600\" height=\"1200\" src=\"https:\/\/www.cofradiasontinyent.com\/wp-content\/uploads\/2024\/02\/Foto-1.jpg\" class=\"vc_single_image-img attachment-full\" alt=\"\" srcset=\"https:\/\/www.cofradiasontinyent.com\/wp-content\/uploads\/2024\/02\/Foto-1.jpg 1600w, https:\/\/www.cofradiasontinyent.com\/wp-content\/uploads\/2024\/02\/Foto-1-300x225.jpg 300w, https:\/\/www.cofradiasontinyent.com\/wp-content\/uploads\/2024\/02\/Foto-1-1024x768.jpg 1024w, https:\/\/www.cofradiasontinyent.com\/wp-content\/uploads\/2024\/02\/Foto-1-768x576.jpg 768w, https:\/\/www.cofradiasontinyent.com\/wp-content\/uploads\/2024\/02\/Foto-1-1536x1152.jpg 1536w, https:\/\/www.cofradiasontinyent.com\/wp-content\/uploads\/2024\/02\/Foto-1-800x600.jpg 800w, https:\/\/www.cofradiasontinyent.com\/wp-content\/uploads\/2024\/02\/Foto-1-700x525.jpg 700w\" sizes=\"auto, (max-width: 1600px) 100vw, 1600px\" \/><\/div><\/a>\n\t\t<\/div>\n\t<\/div>\n<\/div><\/div><\/div><div class=\"wpb_column vc_column_container vc_col-sm-4\"><div class=\"vc_column-inner\"><div class=\"wpb_wrapper\">\n\t<div class=\"wpb_text_column wpb_content_element\">\n\t\t<div class=\"wpb_wrapper\">\n\t\t\t<p lang=\"es-ES\" align=\"LEFT\"><span style=\"color: #000000;\"><span style=\"font-family: Times New Roman, serif;\"><span style=\"font-size: medium;\"><span style=\"color: #ffffff;\">__<\/span>Seguidament, realitzem un menjar de germanor.<\/span><\/span><\/span><\/p>\n<p lang=\"es-ES\" align=\"LEFT\"><span style=\"color: #000000;\"><span style=\"font-family: Times New Roman, serif;\"><span style=\"font-size: medium;\"><span style=\"color: #ffffff;\">__<\/span>\u2013El Diumenge de Resurrecci\u00f3, participem en la process\u00f3 de la Trobada Gloriosa, processionant amb la imatge de la Verge de l'Esperan\u00e7a.<\/span><\/span><\/span><\/p>\n<p lang=\"es-ES\" align=\"LEFT\"><span style=\"color: #000000;\"><span style=\"font-family: Times New Roman, serif;\"><span style=\"font-size: medium;\"><span style=\"color: #ffffff;\">__<\/span>\u2013Des d'Octubre a Mar\u00e7, ens reunim una vegada al mes, en un sopar de germanor.<\/span><\/span><\/span><\/p>\n<p lang=\"es-ES\" align=\"LEFT\"><span style=\"color: #000099;\"><span style=\"font-family: Times New Roman, serif;\"><span style=\"font-size: large;\"><b><span style=\"color: #ffffff;\">_<\/span>Contactes:<\/b><\/span><\/span><\/span><\/p>\n<p lang=\"es-ES\" align=\"LEFT\"><span style=\"color: #000000;\"><span style=\"font-family: Times New Roman, serif;\"><span style=\"font-size: medium;\"><b><span style=\"color: #ffffff;\">_<\/span>Tfo 619 58 98 90<\/b><\/span><\/span><\/span><\/p>\n<p lang=\"es-ES\" align=\"LEFT\"><span style=\"color: #000000;\"><span style=\"font-family: Times New Roman, serif;\"><span style=\"font-size: medium;\"><b><span style=\"color: #ffffff;\">_<\/span>cofradiasantosepulcro_ont@hotmail.com<\/b><\/span><\/span><\/span><\/p>\n<p lang=\"es-ES\" align=\"LEFT\"><span style=\"color: #000000;\"><span style=\"font-family: Times New Roman, serif;\"><span style=\"font-size: medium;\"><b><span style=\"color: #ffffff;\">_<\/span>cofradiasantosepulcro-ont-secr@hotmail.com<\/b><\/span><\/span><\/span><\/p>\n\n\t\t<\/div> \n\t<\/div> <\/div><\/div><\/div><div class=\"wpb_column vc_column_container vc_col-sm-2\"><div class=\"vc_column-inner\"><div class=\"wpb_wrapper\"><\/div><\/div><\/div><\/div><\/div><\/div><div      class=\"vc_row wpb_row section vc_row-fluid vc_inner  vc_custom_1521812433367 grid_section\" style=' text-align:left;'><div class=\"section_inner clearfix\"><div class='section_inner_margin clearfix'><div class=\"wpb_column vc_column_container vc_col-sm-5\"><div class=\"vc_column-inner\"><div class=\"wpb_wrapper\"><\/div><\/div><\/div><div class=\"wpb_column vc_column_container vc_col-sm-3\"><div class=\"vc_column-inner\"><div class=\"wpb_wrapper\"><div class=\"separator  transparent\" style=\"\"><\/div>\n<div class=\"separator  transparent\" style=\"\"><\/div>\n<div class=\"wpb_layerslider_element wpb_content_element\"><script type=\"text\/javascript\">var lsjQuery = jQuery;lsjQuery(document).ready(function() {\r\nif(typeof lsjQuery.fn.layerSlider == \"undefined\") {\r\nif( window._layerSlider && window._layerSlider.showNotice) { \r\nwindow._layerSlider.showNotice('layerslider_1','jquery');\r\n}\r\n} else {\r\nlsjQuery(\"#layerslider_1\").layerSlider({createdWith: '6.8.4', sliderVersion: '6.8.4', slideOnSwipe: false, firstSlide: 'random', keybNav: false, touchNav: false, skin: 'defaultskin', navPrevNext: false, skinsPath: 'https:\/\/www.cofradiasontinyent.com\/wp-content\/plugins\/LayerSlider\/static\/layerslider\/skins\/'});\r\n}\r\n});\r\n<\/script><div id=\"layerslider_1\" class=\"ls-wp-container fitvidsignore\" style=\"width:520px;height:720px;margin:0 auto;margin-bottom: 0px;\"><div class=\"ls-slide\" data-ls=\"transition2d:1;transitionduration:5000;kenburnsscale:1.2;\"><img loading=\"lazy\" decoding=\"async\" width=\"511\" height=\"720\" src=\"https:\/\/www.cofradiasontinyent.com\/wp-content\/uploads\/2025\/03\/Caixa-Ontinyent_2.jpg\" class=\"ls-bg\" alt=\"\" srcset=\"https:\/\/www.cofradiasontinyent.com\/wp-content\/uploads\/2025\/03\/Caixa-Ontinyent_2.jpg 511w, https:\/\/www.cofradiasontinyent.com\/wp-content\/uploads\/2025\/03\/Caixa-Ontinyent_2-213x300.jpg 213w\" sizes=\"auto, (max-width: 511px) 100vw, 511px\" \/><\/div><div class=\"ls-slide\" data-ls=\"transition2d:3;transitionduration:5000;kenburnsscale:1.2;\"><img loading=\"lazy\" decoding=\"async\" width=\"520\" height=\"682\" src=\"https:\/\/www.cofradiasontinyent.com\/wp-content\/uploads\/2025\/03\/Fondo-publicidad-2a.jpg\" class=\"ls-bg\" alt=\"\" srcset=\"https:\/\/www.cofradiasontinyent.com\/wp-content\/uploads\/2025\/03\/Fondo-publicidad-2a.jpg 520w, https:\/\/www.cofradiasontinyent.com\/wp-content\/uploads\/2025\/03\/Fondo-publicidad-2a-229x300.jpg 229w\" sizes=\"auto, (max-width: 520px) 100vw, 520px\" \/><\/div><div class=\"ls-slide\" data-ls=\"transition2d:5;transitionduration:5000;kenburnsscale:1.2;\"><img loading=\"lazy\" decoding=\"async\" width=\"509\" height=\"720\" src=\"https:\/\/www.cofradiasontinyent.com\/wp-content\/uploads\/2025\/03\/7Acapersa.jpg\" class=\"ls-bg\" alt=\"\" srcset=\"https:\/\/www.cofradiasontinyent.com\/wp-content\/uploads\/2025\/03\/7Acapersa.jpg 509w, https:\/\/www.cofradiasontinyent.com\/wp-content\/uploads\/2025\/03\/7Acapersa-212x300.jpg 212w\" sizes=\"auto, (max-width: 509px) 100vw, 509px\" \/><\/div><div class=\"ls-slide\" data-ls=\"transition2d:11;transitionduration:5000;kenburnsscale:1.2;\"><img loading=\"lazy\" decoding=\"async\" width=\"510\" height=\"720\" src=\"https:\/\/www.cofradiasontinyent.com\/wp-content\/uploads\/2025\/03\/Impresionat.jpg\" class=\"ls-bg\" alt=\"\" srcset=\"https:\/\/www.cofradiasontinyent.com\/wp-content\/uploads\/2025\/03\/Impresionat.jpg 510w, https:\/\/www.cofradiasontinyent.com\/wp-content\/uploads\/2025\/03\/Impresionat-213x300.jpg 213w\" sizes=\"auto, (max-width: 510px) 100vw, 510px\" \/><\/div><div class=\"ls-slide\" data-ls=\"transitionduration:5000;kenburnsscale:1.2;\"><img loading=\"lazy\" decoding=\"async\" width=\"413\" height=\"565\" src=\"https:\/\/www.cofradiasontinyent.com\/wp-content\/uploads\/2025\/07\/Logo-Ayuntamiento.jpg\" class=\"ls-bg\" alt=\"\" srcset=\"https:\/\/www.cofradiasontinyent.com\/wp-content\/uploads\/2025\/07\/Logo-Ayuntamiento.jpg 413w, https:\/\/www.cofradiasontinyent.com\/wp-content\/uploads\/2025\/07\/Logo-Ayuntamiento-219x300.jpg 219w\" sizes=\"auto, (max-width: 413px) 100vw, 413px\" \/><\/div><div class=\"ls-slide\" data-ls=\"transitionduration:5000;kenburnsscale:1.2;\"><img loading=\"lazy\" decoding=\"async\" width=\"520\" height=\"715\" src=\"https:\/\/www.cofradiasontinyent.com\/wp-content\/uploads\/2026\/01\/5Vitaldent.png\" class=\"ls-bg\" alt=\"\" srcset=\"https:\/\/www.cofradiasontinyent.com\/wp-content\/uploads\/2026\/01\/5Vitaldent.png 520w, https:\/\/www.cofradiasontinyent.com\/wp-content\/uploads\/2026\/01\/5Vitaldent-218x300.png 218w\" sizes=\"auto, (max-width: 520px) 100vw, 520px\" \/><\/div><div class=\"ls-slide\" data-ls=\"transitionduration:5000;kenburnsscale:1.2;\"><img loading=\"lazy\" decoding=\"async\" width=\"442\" height=\"618\" src=\"https:\/\/www.cofradiasontinyent.com\/wp-content\/uploads\/2026\/01\/6Caixa-Popular.png\" class=\"ls-bg\" alt=\"\" srcset=\"https:\/\/www.cofradiasontinyent.com\/wp-content\/uploads\/2026\/01\/6Caixa-Popular.png 442w, https:\/\/www.cofradiasontinyent.com\/wp-content\/uploads\/2026\/01\/6Caixa-Popular-215x300.png 215w\" sizes=\"auto, (max-width: 442px) 100vw, 442px\" \/><\/div><\/div><\/div><\/div><\/div><\/div><div class=\"wpb_column vc_column_container vc_col-sm-4\"><div class=\"vc_column-inner\"><div class=\"wpb_wrapper\"><\/div><\/div><\/div><\/div><\/div><\/div><div      class=\"vc_row wpb_row section vc_row-fluid vc_inner  vc_custom_1521812433367 grid_section\" style=' text-align:left;'><div class=\"section_inner clearfix\"><div class='section_inner_margin clearfix'><div class=\"wpb_column vc_column_container vc_col-sm-12\"><div class=\"vc_column-inner\"><div class=\"wpb_wrapper\"><div class=\"separator  transparent\" style=\"\"><\/div>\n<div class=\"separator  transparent\" style=\"\"><\/div>\n<div class=\"separator  transparent\" style=\"\"><\/div>\n<div class=\"separator  transparent\" style=\"\"><\/div>\n<div class=\"separator  transparent\" style=\"\"><\/div>\n<div class=\"separator  transparent\" style=\"\"><\/div>\n<\/div><\/div><\/div><\/div><\/div><\/div><\/div><\/div><\/div><\/div><\/div>","protected":false},"excerpt":{"rendered":"_Cofrad\u00eda del Santo Sepulcro _El Santo Sepulcro._El Paso del Textil _Fundacion anterior a 1791 _Presidente: __Daniel Mart\u00ednez S\u00e1nchez _Vicepresidente: __Vicente Beneito Calabuig _Secretario: __Vicente Gil Gandia _Vocales: __Vicente Eugenio Esparza Moll\u00e1 __Jos\u00e9 Antonio Garc\u00eda Soriano _Consiliario: __Rvdo.D.Antonio Ferrando Mart\u00ed _Actividades: __--Participamos en el Via Crucis...","protected":false},"author":1,"featured_media":0,"parent":0,"menu_order":0,"comment_status":"closed","ping_status":"closed","template":"full_width.php","meta":{"footnotes":""},"class_list":["post-504","page","type-page","status-publish","hentry"],"_links":{"self":[{"href":"https:\/\/www.cofradiasontinyent.com\/ca\/wp-json\/wp\/v2\/pages\/504","targetHints":{"allow":["GET"]}}],"collection":[{"href":"https:\/\/www.cofradiasontinyent.com\/ca\/wp-json\/wp\/v2\/pages"}],"about":[{"href":"https:\/\/www.cofradiasontinyent.com\/ca\/wp-json\/wp\/v2\/types\/page"}],"author":[{"embeddable":true,"href":"https:\/\/www.cofradiasontinyent.com\/ca\/wp-json\/wp\/v2\/users\/1"}],"replies":[{"embeddable":true,"href":"https:\/\/www.cofradiasontinyent.com\/ca\/wp-json\/wp\/v2\/comments?post=504"}],"version-history":[{"count":6,"href":"https:\/\/www.cofradiasontinyent.com\/ca\/wp-json\/wp\/v2\/pages\/504\/revisions"}],"predecessor-version":[{"id":2416,"href":"https:\/\/www.cofradiasontinyent.com\/ca\/wp-json\/wp\/v2\/pages\/504\/revisions\/2416"}],"wp:attachment":[{"href":"https:\/\/www.cofradiasontinyent.com\/ca\/wp-json\/wp\/v2\/media?parent=504"}],"curies":[{"name":"wp","href":"https:\/\/api.w.org\/{rel}","templated":true}]}}