{"id":152,"date":"2018-03-22T16:22:02","date_gmt":"2018-03-22T16:22:02","guid":{"rendered":"http:\/\/bridge196.qodeinteractive.com\/?page_id=152"},"modified":"2026-03-12T10:39:07","modified_gmt":"2026-03-12T10:39:07","slug":"junta_composicion","status":"publish","type":"page","link":"https:\/\/www.cofradiasontinyent.com\/index.php\/junta_composicion\/","title":{"rendered":"Junta_composicion"},"content":{"rendered":"<p>[vc_row css_animation=\u00bb\u00bb row_type=\u00bbrow\u00bb use_row_as_full_screen_section=\u00bbno\u00bb type=\u00bbfull_width\u00bb angled_section=\u00bbno\u00bb text_align=\u00bbleft\u00bb background_image_as_pattern=\u00bbwithout_pattern\u00bb css=\u00bb.vc_custom_1521812392429{padding-top: 130px !important;background-color: #ffffff !important;}\u00bb z_index=\u00bb\u00bb][vc_column][vc_separator type=\u00bbtransparent\u00bb][vc_separator type=\u00bbtransparent\u00bb][vc_separator type=\u00bbtransparent\u00bb][vc_separator type=\u00bbtransparent\u00bb][vc_separator type=\u00bbtransparent\u00bb][vc_separator type=\u00bbtransparent\u00bb][vc_row_inner row_type=\u00bbrow\u00bb type=\u00bbgrid\u00bb text_align=\u00bbleft\u00bb css_animation=\u00bb\u00bb css=\u00bb.vc_custom_1672142308192{padding-bottom: 40px !important;}\u00bb][vc_column_inner width=\u00bb1\/6&#8243;][\/vc_column_inner][vc_column_inner width=\u00bb2\/6&#8243;][vc_single_image image=\u00bb4035&#8243; img_size=\u00bbfull\u00bb alignment=\u00bbcenter\u00bb onclick=\u00bbimg_link_large\u00bb qode_css_animation=\u00bb\u00bb][vc_column_text]<\/p>\n<p style=\"text-align: center;\" align=\"LEFT\"><span style=\"color: #000000; font-family: 'times new roman', times; font-size: 12pt;\"><b>Miembros junta de cofrad\u00edas 2026<\/b><\/span><\/p>\n<p>[\/vc_column_text][\/vc_column_inner][vc_column_inner width=\u00bb2\/6&#8243;][vc_separator type=\u00bbtransparent\u00bb][vc_column_text]<\/p>\n<p lang=\"es-ES\" align=\"LEFT\"><span style=\"color: #000099;\"><span style=\"font-family: Times New Roman, serif;\"><span style=\"font-size: x-large;\"><b><span style=\"color: #ffffff;\">_<\/span>Junta de hermandades y cofrad\u00edas de Ontinyent<\/b><\/span><\/span><\/span><\/p>\n<p lang=\"es-ES\"><span style=\"color: #000000;\"><span style=\"font-family: Times New Roman, serif;\"><span style=\"font-size: medium;\"><span style=\"color: #ffffff;\">_<span style=\"color: #000000;\">En el a\u00f1o 1986, siendo su presidente D. Manuel Rivas Fernadez, se incorporo a la Junta Diocesana de Cofrad\u00edas. E<\/span><\/span>n el a\u00f1o 2003 se aprobaron los primeros estatutos, y representa a todas las cofrad\u00edas de la Semana Santa de Ontinyent.<\/span><\/span><\/span><\/p>\n<p lang=\"es-ES\"><span style=\"color: #000000; font-family: 'times new roman', times; font-size: 12pt;\">Desde el inicio ha tenido los siguientes presidentes:<\/span><\/p>\n<p lang=\"es-ES\"><span style=\"color: #000000; font-family: 'times new roman', times; font-size: 12pt;\">\u00a0D. Manuel Rivas Fern\u00e1ndez, D. Jos\u00e9 Miguel Mart\u00ed Gand\u00eda, D. Vicente Benavent Reig, D. Enrique Tortosa Gand\u00eda, D. Juan Jos\u00e9 Colomer Soriano, D. Jose Antonio Calabuig Conejero.\u00a0 Actualmente, desde 2022, la presidenta es D\u00aa Concepci\u00f3n Donate Cuenda.<\/span><\/p>\n<p lang=\"es-ES\">\u00a0 <span style=\"color: #000000;\"><span style=\"font-family: Times New Roman, serif;\"><span style=\"font-size: medium;\">Se compone de una junta de gobierno y dos representantes de cada hermandad y cofrad\u00eda.<\/span><\/span><\/span><\/p>\n<p>[\/vc_column_text][\/vc_column_inner][vc_column_inner width=\u00bb1\/6&#8243;][\/vc_column_inner][\/vc_row_inner][vc_row_inner row_type=\u00bbrow\u00bb type=\u00bbgrid\u00bb text_align=\u00bbleft\u00bb css_animation=\u00bb\u00bb css=\u00bb.vc_custom_1521812433367{padding-bottom: 40px !important;}\u00bb][vc_column_inner width=\u00bb1\/6&#8243;][\/vc_column_inner][vc_column_inner width=\u00bb2\/6&#8243;][vc_column_text]<\/p>\n<p lang=\"es-ES\"><span style=\"font-family: Times New Roman, serif;\"><span style=\"color: #ffffff;\"><span style=\"font-size: large;\"><b>_<\/b><\/span><\/span><span style=\"color: #000099;\"><span style=\"font-size: large;\"><b>Miembros de la junta de gobierno:<\/b><\/span><\/span><\/span><\/p>\n<p lang=\"es-ES\"><span style=\"font-family: Times New Roman, serif;\"><span style=\"color: #ffffff;\"><span style=\"font-size: large;\"><b>_<\/b><\/span><\/span><span style=\"color: #000099;\"><span style=\"font-size: large;\"><b>Presidenta:<\/b><\/span><\/span><\/span><\/p>\n<p lang=\"es-ES\"><span style=\"font-family: Times New Roman, serif;\"><span style=\"font-size: large;\"><b><span style=\"color: #ffffff;\">__<\/span><\/b><span style=\"color: #000000;\"><span style=\"font-size: medium;\">D\u00aa Concepci\u00f3n Donate Cuenda<\/span><\/span><\/span><\/span><\/p>\n<p lang=\"es-ES\"><span style=\"font-family: Times New Roman, serif;\"><span style=\"font-size: large;\"><b><span style=\"color: #ffffff;\">_<\/span><span style=\"color: #000099;\">Vice-Presidente:<\/span> <\/b><\/span><\/span><\/p>\n<p lang=\"es-ES\"><span style=\"font-family: Times New Roman, serif;\"><span style=\"font-size: large;\"><span style=\"color: #ffffff;\"><span style=\"font-size: medium;\">__<\/span><\/span><span style=\"color: #000000;\"><span style=\"font-size: medium;\">D Manuel Palomino Lopez<\/span><\/span><\/span><\/span><\/p>\n<p lang=\"zxx\"><span style=\"color: #ffffff;\"> <span style=\"font-size: large;\"><b>_<\/b><\/span><\/span><span style=\"color: #000099; font-family: 'times new roman', times;\"><span style=\"font-size: large;\"><b>Secretario: <\/b><\/span><\/span><\/p>\n<p lang=\"zxx\"><span style=\"color: #ffffff;\"><span lang=\"es-ES\">__<\/span><\/span><span lang=\"es-ES\" style=\"font-family: 'times new roman', times; color: #000000; font-size: 12pt;\">D Antonio Revert Ferrero<\/span><\/p>\n<p lang=\"es-ES\"><span style=\"font-family: Times New Roman, serif;\"><span style=\"font-size: large;\"><b><span style=\"color: #ffffff;\">_<\/span><span style=\"color: #000099;\">Tesorero:<\/span> <\/b><\/span><\/span><\/p>\n<p lang=\"es-ES\"><span style=\"font-family: Times New Roman, serif;\"><span style=\"font-size: large;\"><b><span style=\"color: #ffffff;\">__<\/span><\/b><span style=\"color: #000000;\"><span style=\"font-size: medium;\">D Vicente Soriano Parraga<\/span><\/span><\/span><\/span><\/p>\n<p lang=\"es-ES\"><span style=\"font-family: Times New Roman, serif;\"><span style=\"font-size: large;\"><b><span style=\"color: #ffffff;\">_<\/span><span style=\"color: #000099;\">Consiliario: <\/span> <\/b><\/span><\/span><\/p>\n<p lang=\"es-ES\"><span style=\"font-family: Times New Roman, serif;\"><span style=\"font-size: large;\"><b><span style=\"color: #ffffff;\">__<\/span><\/b><span style=\"color: #000000;\"><span style=\"font-size: medium;\">Rvdo. D Antonio Ferrando Mart\u00ed<\/span><\/span> <\/span><\/span><\/p>\n<p lang=\"es-ES\"><span style=\"font-family: Times New Roman, serif;\"><span style=\"font-size: large;\"><b><span style=\"color: #ffffff;\">_<\/span><span style=\"color: #000099;\">Vocales: <\/span> <\/b><\/span><\/span><\/p>\n<p lang=\"es-ES\"><span style=\"font-family: Times New Roman, serif;\"><span style=\"font-size: large;\"><b><span style=\"color: #ffffff;\">__<\/span><\/b><span style=\"color: #000000;\"><span style=\"font-size: medium;\">Vicenta Ribera Sanchis<\/span><\/span><\/span><\/span><\/p>\n<p lang=\"es-ES\"><span style=\"font-family: Times New Roman, serif;\"><span style=\"font-size: large;\"><b><span style=\"color: #ffffff;\">__<\/span><\/b><span style=\"color: #000000;\"><span style=\"font-size: medium;\">Jos\u00e9 Antonio Garc\u00eda Cambra<\/span><\/span><\/span><\/span><\/p>\n<p lang=\"es-ES\">\u00a0 \u00a0 <span style=\"font-family: 'times new roman', times; font-size: 12pt; color: #000000;\">Vicente Mu\u00f1oz Coll<\/span><\/p>\n<p lang=\"es-ES\"><span style=\"color: #000099;\"><span style=\"font-family: Times New Roman, serif;\"><span style=\"font-size: large;\"><b><span style=\"color: #ffffff;\">_<\/span>Representantes de las Hermandades y Cofrad\u00edas<\/b><\/span><\/span><\/span><\/p>\n<p lang=\"es-ES\"><span style=\"font-family: Times New Roman, serif;\"><span style=\"font-size: large;\"><b><span style=\"color: #ffffff;\">_<\/span><span style=\"color: #000099;\">Germandat del Temple<\/span><\/b><\/span><\/span><\/p>\n<p lang=\"es-ES\"><span style=\"font-family: Times New Roman, serif;\"><span style=\"font-size: large;\"><span style=\"color: #ffffff;\"><span style=\"font-size: medium;\">__<\/span><\/span><span style=\"color: #000000;\"><span style=\"font-size: medium;\">Mari Carmen Montava Biosca<\/span><\/span><\/span><\/span><\/p>\n<p lang=\"es-ES\"><span style=\"font-family: Times New Roman, serif;\"><span style=\"font-size: medium;\"><span style=\"color: #ffffff;\">\u00a0 \u00a0 <\/span><span style=\"color: #000000;\">Domingo Tormo Vidal<\/span><\/span><\/span><\/p>\n<p lang=\"es-ES\"><span style=\"font-family: Times New Roman, serif;\"><span style=\"font-size: large;\"><b><span style=\"color: #ffffff;\">_<\/span><span style=\"color: #000099;\">Confraria de l&#8217;Oraci\u00f2 del&#8217;Hort<\/span><\/b><\/span><\/span><\/p>\n<p lang=\"es-ES\"><span style=\"font-family: Times New Roman, serif;\"><span style=\"font-size: large;\"><b><span style=\"color: #ffffff;\">__<\/span><\/b><span style=\"color: #000000;\"><span style=\"font-size: medium;\">Mario Belda Mas<\/span><\/span><\/span><\/span><\/p>\n<p lang=\"es-ES\"><span style=\"font-family: Times New Roman, serif;\"><span style=\"font-size: large;\"><b><span style=\"color: #ffffff;\">__<\/span><\/b><span style=\"color: #000000;\"><span style=\"font-size: medium;\">Francisco Calatayud Lladosa<\/span><\/span><\/span><\/span><\/p>\n<p lang=\"es-ES\"><span style=\"font-family: Times New Roman, serif;\"><span style=\"font-size: large;\"><b><span style=\"color: #ffffff;\">_<\/span><span style=\"color: #000099;\">Cofrad\u00eda Azotes a Jes\u00fas en la Columna<\/span><\/b><\/span><\/span><\/p>\n<p lang=\"es-ES\"><span style=\"font-family: Times New Roman, serif;\"><span style=\"font-size: large;\"><b><span style=\"color: #ffffff;\">_<\/span><span style=\"color: #ffffff;\">_<\/span><\/b><span style=\"color: #000000;\"><span style=\"font-size: medium;\">Santiago Mart\u00ednez Sanchis<\/span><\/span><\/span><\/span><\/p>\n<p lang=\"es-ES\"><span style=\"color: #000000;\"><span style=\"font-family: Times New Roman, serif;\"><span style=\"font-size: medium;\"><span style=\"color: #ffffff;\">__<\/span>Alejandro Garc\u00eda Falc\u00f3<\/span><\/span><\/span><\/p>\n<p>[\/vc_column_text][\/vc_column_inner][vc_column_inner width=\u00bb2\/6&#8243;][vc_column_text]<\/p>\n<p lang=\"es-ES\"><span style=\"font-family: Times New Roman, serif;\"><span style=\"font-size: large;\"><b><span style=\"color: #ffffff;\">_<\/span><span style=\"color: #000099;\">Cofrad\u00eda Ecce Homo<\/span><\/b><\/span><\/span><\/p>\n<p lang=\"es-ES\"><span style=\"font-family: Times New Roman, serif;\"><span style=\"font-size: large;\"><b><span style=\"color: #ffffff;\">__<\/span><\/b><span style=\"color: #000000;\"><span style=\"font-size: medium;\">Jos\u00e9 Martinez Cantavella<\/span><\/span><\/span><\/span><\/p>\n<p lang=\"es-ES\"><span style=\"font-family: Times New Roman, serif;\"><span style=\"font-size: large;\"><b><span style=\"color: #ffffff;\">__<\/span><\/b><span style=\"color: #000000;\"><span style=\"font-size: medium;\">Jos\u00e9 Antonio Gand\u00eda Ferri<\/span><\/span><\/span><\/span><\/p>\n<p lang=\"es-ES\"><span style=\"font-family: Times New Roman, serif;\"><span style=\"font-size: large;\"><b><span style=\"color: #ffffff;\">_<\/span><span style=\"color: #000099;\">Germandat de la Santa Faz<\/span><\/b><\/span><\/span><\/p>\n<p lang=\"es-ES\"><span style=\"font-family: Times New Roman, serif;\"><span style=\"font-size: large;\"><b><span style=\"color: #ffffff;\">__<\/span><\/b><span style=\"color: #000000;\"><span style=\"font-size: medium;\">Vicente Miguel Belda Borr\u00e1s<\/span><\/span><\/span><\/span><\/p>\n<p lang=\"es-ES\"><span style=\"color: #000000;\"><span style=\"font-family: Times New Roman, serif;\"><span style=\"font-size: medium;\">\u00a0 \u00a0 \u00a0Montse Garc\u00eda Giron\u00e9s<\/span><\/span><\/span><\/p>\n<p lang=\"es-ES\"><span style=\"font-family: Times New Roman, serif;\"><span style=\"font-size: large;\"><b><span style=\"color: #ffffff;\">_<\/span><span style=\"color: #000099;\">Cofrad\u00eda Nuestro Padre Jes\u00fas Nazareno<\/span><\/b><\/span><\/span><\/p>\n<p lang=\"es-ES\"><span style=\"font-family: Times New Roman, serif;\"><span style=\"font-size: large;\"><b><span style=\"color: #ffffff;\">__<\/span><\/b><span style=\"color: #000000;\"><span style=\"font-size: medium;\">Vicenta Ribera Sanchis<\/span><\/span><\/span><\/span><\/p>\n<p lang=\"es-ES\"><span style=\"font-family: Times New Roman, serif;\"><span style=\"font-size: large;\"><b><span style=\"color: #ffffff;\">__<\/span><\/b><span style=\"color: #000000;\"><span style=\"font-size: medium;\">Enrique Tortosa Gand\u00eda<\/span><\/span><\/span><\/span><\/p>\n<p lang=\"es-ES\"><span style=\"font-family: Times New Roman, serif;\"><span style=\"font-size: large;\"><b><span style=\"color: #ffffff;\">_<\/span><span style=\"color: #000099;\">Hermandad la Dolorosa<\/span><\/b><\/span><\/span><\/p>\n<p lang=\"es-ES\"><span style=\"font-family: Times New Roman, serif;\"><span style=\"font-size: large;\"><b><span style=\"color: #ffffff;\">__<\/span><\/b><span style=\"color: #000000;\"><span style=\"font-size: medium;\">Inma Vidal Sanz<\/span><\/span><\/span><\/span><\/p>\n<p lang=\"es-ES\"><span style=\"font-family: Times New Roman, serif;\"><span style=\"font-size: large;\"><b><span style=\"color: #ffffff;\">__<\/span><\/b><span style=\"color: #000000;\"><span style=\"font-size: medium;\">Jos\u00e9 Antonio Garc\u00eda Cambra<\/span><\/span><\/span><\/span><\/p>\n<p lang=\"es-ES\"><span style=\"font-family: Times New Roman, serif;\"><span style=\"font-size: large;\"><b><span style=\"color: #ffffff;\">_<\/span><span style=\"color: #000099;\">Hermandad Cristo de la Expiraci\u00f3n y Nuestra Se\u00f1ora del Patrocinio <\/span><\/b><\/span><\/span><\/p>\n<p lang=\"es-ES\"><span style=\"font-family: Times New Roman, serif;\"><span style=\"font-size: large;\"><b><span style=\"color: #ffffff;\">__<\/span><\/b><span style=\"color: #000000;\"><span style=\"font-size: medium;\">Francisco Llavero Carbonero<\/span><\/span><\/span><\/span><\/p>\n<p lang=\"es-ES\"><span style=\"font-family: Times New Roman, serif;\"><span style=\"font-size: large;\"><b><span style=\"color: #ffffff;\">__<\/span><\/b><span style=\"color: #000000;\"><span style=\"font-size: medium;\">Francisco Lacueva Olcina<\/span><\/span><\/span><\/span><\/p>\n<p lang=\"es-ES\"><span style=\"font-family: Times New Roman, serif;\"><span style=\"font-size: large;\"><b><span style=\"color: #ffffff;\">_<\/span><span style=\"color: #000099;\">Confraria Crist de la Palma<\/span><\/b><\/span><\/span><\/p>\n<p lang=\"es-ES\"><span style=\"font-family: Times New Roman, serif;\"><span style=\"font-size: large;\"><b><span style=\"color: #ffffff;\">__<\/span><\/b><span style=\"color: #000000;\"><span style=\"font-size: medium;\">Manuel Palomino Lopez<\/span><\/span><\/span><\/span><\/p>\n<p lang=\"es-ES\"><span style=\"font-family: Times New Roman, serif;\"><span style=\"font-size: large;\"><b><span style=\"color: #ffffff;\">__<\/span><\/b><span style=\"color: #000000;\"><span style=\"font-size: medium;\">Vicente Mu\u00f1oz Coll<\/span><\/span><\/span><\/span><\/p>\n<p lang=\"es-ES\"><span style=\"font-family: Times New Roman, serif;\"><span style=\"font-size: large;\"><b><span style=\"color: #ffffff;\">_<\/span><span style=\"color: #000099;\">Cofrad\u00eda Santo Sepulcro<\/span><\/b><\/span><\/span><\/p>\n<p lang=\"es-ES\"><span style=\"font-family: Times New Roman, serif;\"><span style=\"font-size: large;\"><b><span style=\"color: #ffffff;\">__<\/span><\/b><span style=\"color: #000000;\"><span style=\"font-size: medium;\">Daniel Mart\u00ednez S\u00e1nchez<\/span><\/span><\/span><\/span><\/p>\n<p lang=\"es-ES\"><span style=\"font-family: Times New Roman, serif;\"><span style=\"font-size: large;\"><b><span style=\"color: #ffffff;\">__<\/span><\/b><span style=\"color: #000000;\"><span style=\"font-size: medium;\">Vte Eugenio Esparza Moll\u00e1<\/span><\/span><\/span><\/span><\/p>\n<p lang=\"es-ES\"><span style=\"font-family: Times New Roman, serif;\"><span style=\"font-size: large;\"><b><span style=\"color: #ffffff;\">_<\/span><span style=\"color: #000099;\">Confraria de la Soledat<\/span><\/b><\/span><\/span><\/p>\n<p lang=\"es-ES\"><span style=\"font-family: Times New Roman, serif;\"><span style=\"font-size: large;\"><b><span style=\"color: #ffffff;\">_<\/span><span style=\"color: #ffffff;\"><span style=\"font-size: medium;\">_<\/span><\/span><\/b><span style=\"color: #000000;\"><span style=\"font-size: medium;\">Jorge Llin Mira<\/span><\/span><\/span><\/span><\/p>\n<p lang=\"es-ES\"><span style=\"color: #000000;\"><span style=\"font-family: Times New Roman, serif;\"><span style=\"font-size: medium;\">\u00a0 \u00a0Salvador Sanchis i Ferri<\/span><\/span><\/span><\/p>\n<p>[\/vc_column_text][\/vc_column_inner][vc_column_inner width=\u00bb1\/6&#8243;][\/vc_column_inner][\/vc_row_inner][vc_row_inner row_type=\u00bbrow\u00bb type=\u00bbgrid\u00bb text_align=\u00bbleft\u00bb css_animation=\u00bb\u00bb css=\u00bb.vc_custom_1521812433367{padding-bottom: 40px !important;}\u00bb][vc_column_inner width=\u00bb1\/6&#8243;][\/vc_column_inner][vc_column_inner width=\u00bb2\/6&#8243;][vc_separator type=\u00bbnormal\u00bb color=\u00bb#7304e2&#8243;][vc_separator type=\u00bbtransparent\u00bb][vc_separator type=\u00bbtransparent\u00bb][vc_separator type=\u00bbtransparent\u00bb][vc_gallery type=\u00bbflexslider_slide\u00bb interval=\u00bb5&#8243; images=\u00bb3235,3236,3237,3238,3239,3240,3241,3242,3243,3244,3245,3246,3247&#8243; img_size=\u00bbfull\u00bb onclick=\u00bbimg_link_large\u00bb][vc_column_text]<\/p>\n<p style=\"text-align: center;\" align=\"LEFT\"><span style=\"color: #000000;\"><b>Sede de la Junta de Hermandades y Cofrad\u00edas<\/b><\/span><\/p>\n<p>[\/vc_column_text][\/vc_column_inner][vc_column_inner width=\u00bb2\/6&#8243;][vc_separator type=\u00bbnormal\u00bb color=\u00bb#7202e2&#8243;][vc_column_text]<\/p>\n<p lang=\"es-ES\"><span style=\"color: #ffffff;\"> _<\/span><span style=\"color: #000099; font-family: 'times new roman', times;\"><span style=\"font-size: large;\"><b>Actividades la Junta de Hermandades y Cofrad\u00edas<\/b><\/span><\/span><\/p>\n<p lang=\"es-ES\"><span style=\"color: #000000; font-family: 'times new roman', times; font-size: 12pt;\"><span style=\"color: #ffffff;\"> <b>_<\/b><\/span>Coordinaci\u00f3n, junto con las diferentes cofrad\u00edas de los actos procesionales que se realizan, con el establecimiento de los recorridos y los horarios, especialmente la procesi\u00f3n del Santo Entierro y El Encuentro Glorioso<\/span><\/p>\n<p lang=\"es-ES\"><span style=\"color: #000000; font-family: 'times new roman', times; font-size: 12pt;\"><span style=\"color: #ffffff;\"> <b>_<\/b><\/span>Gestionar con el Ayuntamiento, todos los permisos correspondientes para realizar los actos que se realicen en la calle.<\/span><\/p>\n<p lang=\"es-ES\"><span style=\"color: #000000; font-family: 'times new roman', times; font-size: 12pt;\"><span style=\"color: #ffffff;\"><b>_<\/b><\/span>Nominar el Pregonero del a\u00f1o en curso.<\/span><\/p>\n<p lang=\"es-ES\"><span style=\"color: #000000; font-family: 'times new roman', times; font-size: 12pt;\"><span style=\"color: #ffffff;\"> <b>_<\/b><\/span>Preparar y coordinar los actos de presentaci\u00f3n del cartel, presentaci\u00f3n del <b>libro programa<\/b> y del <b>acto del preg\u00f3n.<\/b><\/span><\/p>\n<p lang=\"es-ES\"><span style=\"color: #000000; font-family: 'times new roman', times; font-size: 12pt;\"><span style=\"color: #ffffff;\"> <b>_<\/b><\/span>Preparar y coordinar otros eventos como por ejemplo, el concurso fotogr\u00e1fico, la matinal infantil, etc.<\/span><\/p>\n<p lang=\"es-ES\"><span style=\"color: #000000; font-family: 'times new roman', times; font-size: 12pt;\"><span style=\"color: #ffffff;\"><b>_<\/b><\/span>Edici\u00f3n del libro-programa de actos de la Semana Santa.<\/span><\/p>\n<p lang=\"es-ES\"><span style=\"font-size: large;\"><span style=\"font-family: 'times new roman', times; font-size: 12pt;\"><span style=\"color: #ffffff;\"><b>_<\/b><\/span><span style=\"color: #000000;\">Tambi\u00e9n es responsable del cuidado y conservaci\u00f3n de las im\u00e1genes, <\/span><\/span><span style=\"font-family: 'times new roman', times;\"><b><span style=\"color: #660066;\">La virgen de la Esperanza<\/span><\/b><\/span><span style=\"color: #000000; font-family: 'times new roman', times; font-size: 12pt;\"> y de <\/span><span style=\"font-family: 'times new roman', times;\"><b><span style=\"color: #660066;\">Jes\u00fas Resucitado.<\/span><\/b><\/span><\/span><\/p>\n<p>[\/vc_column_text][\/vc_column_inner][vc_column_inner width=\u00bb1\/6&#8243;][\/vc_column_inner][\/vc_row_inner][vc_row_inner row_type=\u00bbrow\u00bb type=\u00bbgrid\u00bb text_align=\u00bbleft\u00bb css_animation=\u00bb\u00bb css=\u00bb.vc_custom_1521812433367{padding-bottom: 40px !important;}\u00bb][vc_column_inner width=\u00bb5\/12&#8243;][\/vc_column_inner][vc_column_inner width=\u00bb3\/12&#8243;][vc_separator type=\u00bbtransparent\u00bb][vc_separator type=\u00bbtransparent\u00bb][layerslider_vc id=\u00bb1&#8243;][\/vc_column_inner][vc_column_inner width=\u00bb4\/12&#8243;][\/vc_column_inner][\/vc_row_inner][vc_row_inner row_type=\u00bbrow\u00bb type=\u00bbgrid\u00bb text_align=\u00bbleft\u00bb css_animation=\u00bb\u00bb css=\u00bb.vc_custom_1521812433367{padding-bottom: 40px !important;}\u00bb][vc_column_inner][vc_separator type=\u00bbtransparent\u00bb][vc_separator type=\u00bbtransparent\u00bb][vc_separator type=\u00bbtransparent\u00bb][vc_separator type=\u00bbtransparent\u00bb][vc_separator type=\u00bbtransparent\u00bb][vc_separator type=\u00bbtransparent\u00bb][\/vc_column_inner][\/vc_row_inner][\/vc_column][\/vc_row]<\/p>\n","protected":false},"excerpt":{"rendered":"<p>[vc_row css_animation=\u00bb\u00bb row_type=\u00bbrow\u00bb use_row_as_full_screen_section=\u00bbno\u00bb type=\u00bbfull_width\u00bb angled_section=\u00bbno\u00bb text_align=\u00bbleft\u00bb background_image_as_pattern=\u00bbwithout_pattern\u00bb css=\u00bb.vc_custom_1521812392429{padding-top: 130px !important;background-color: #ffffff !important;}\u00bb z_index=\u00bb\u00bb][vc_column][vc_separator type=\u00bbtransparent\u00bb][vc_separator type=\u00bbtransparent\u00bb][vc_separator type=\u00bbtransparent\u00bb][vc_separator type=\u00bbtransparent\u00bb][vc_separator type=\u00bbtransparent\u00bb][vc_separator type=\u00bbtransparent\u00bb][vc_row_inner row_type=\u00bbrow\u00bb type=\u00bbgrid\u00bb text_align=\u00bbleft\u00bb css_animation=\u00bb\u00bb css=\u00bb.vc_custom_1672142308192{padding-bottom: 40px !important;}\u00bb][vc_column_inner width=\u00bb1\/6&#8243;][\/vc_column_inner][vc_column_inner width=\u00bb2\/6&#8243;][vc_single_image image=\u00bb4035&#8243; img_size=\u00bbfull\u00bb alignment=\u00bbcenter\u00bb onclick=\u00bbimg_link_large\u00bb qode_css_animation=\u00bb\u00bb][vc_column_text] Miembros junta de cofrad\u00edas 2026 [\/vc_column_text][\/vc_column_inner][vc_column_inner width=\u00bb2\/6&#8243;][vc_separator type=\u00bbtransparent\u00bb][vc_column_text] _Junta de hermandades&#8230;<\/p>\n","protected":false},"author":1,"featured_media":0,"parent":0,"menu_order":0,"comment_status":"closed","ping_status":"closed","template":"full_width.php","meta":{"footnotes":""},"class_list":["post-152","page","type-page","status-publish","hentry"],"_links":{"self":[{"href":"https:\/\/www.cofradiasontinyent.com\/index.php\/wp-json\/wp\/v2\/pages\/152","targetHints":{"allow":["GET"]}}],"collection":[{"href":"https:\/\/www.cofradiasontinyent.com\/index.php\/wp-json\/wp\/v2\/pages"}],"about":[{"href":"https:\/\/www.cofradiasontinyent.com\/index.php\/wp-json\/wp\/v2\/types\/page"}],"author":[{"embeddable":true,"href":"https:\/\/www.cofradiasontinyent.com\/index.php\/wp-json\/wp\/v2\/users\/1"}],"replies":[{"embeddable":true,"href":"https:\/\/www.cofradiasontinyent.com\/index.php\/wp-json\/wp\/v2\/comments?post=152"}],"version-history":[{"count":35,"href":"https:\/\/www.cofradiasontinyent.com\/index.php\/wp-json\/wp\/v2\/pages\/152\/revisions"}],"predecessor-version":[{"id":4037,"href":"https:\/\/www.cofradiasontinyent.com\/index.php\/wp-json\/wp\/v2\/pages\/152\/revisions\/4037"}],"wp:attachment":[{"href":"https:\/\/www.cofradiasontinyent.com\/index.php\/wp-json\/wp\/v2\/media?parent=152"}],"curies":[{"name":"wp","href":"https:\/\/api.w.org\/{rel}","templated":true}]}}