{"id":528,"date":"2022-12-28T15:47:06","date_gmt":"2022-12-28T15:47:06","guid":{"rendered":"http:\/\/51.75.204.15\/?page_id=528"},"modified":"2025-03-27T15:41:02","modified_gmt":"2025-03-27T15:41:02","slug":"sepulcro_imagen","status":"publish","type":"page","link":"https:\/\/www.cofradiasontinyent.com\/index.php\/sepulcro_imagen\/","title":{"rendered":"Sepulcro_imagen"},"content":{"rendered":"<p>[vc_row css_animation=\u00bb\u00bb row_type=\u00bbrow\u00bb use_row_as_full_screen_section=\u00bbno\u00bb type=\u00bbfull_width\u00bb angled_section=\u00bbno\u00bb text_align=\u00bbleft\u00bb background_image_as_pattern=\u00bbwithout_pattern\u00bb css=\u00bb.vc_custom_1521812392429{padding-top: 130px !important;background-color: #ffffff !important;}\u00bb z_index=\u00bb\u00bb][vc_column][vc_separator type=\u00bbtransparent\u00bb][vc_row_inner row_type=\u00bbrow\u00bb type=\u00bbgrid\u00bb text_align=\u00bbleft\u00bb css_animation=\u00bb\u00bb css=\u00bb.vc_custom_1521812433367{padding-bottom: 40px !important;}\u00bb][vc_column_inner width=\u00bb1\/6&#8243;][\/vc_column_inner][vc_column_inner width=\u00bb2\/6&#8243;][vc_column_text]<\/p>\n<p style=\"text-align: center;\"><span style=\"color: #000099;\"><span style=\"font-size: x-large;\"><b>Cristo Yacente<\/b><\/span><\/span><\/p>\n<p>[\/vc_column_text][vc_gallery type=\u00bbflexslider_slide\u00bb interval=\u00bb5&#8243; images=\u00bb807,806,805,804,818&#8243; img_size=\u00bbfull\u00bb onclick=\u00bbimg_link_large\u00bb][\/vc_column_inner][vc_column_inner width=\u00bb2\/6&#8243;][vc_column_text]<\/p>\n<p lang=\"es-ES\"><span style=\"color: #000099;\"><span style=\"font-size: large;\"><b><span style=\"color: #ffffff;\">__<\/span>El Cristo Yacente de Mariano Benlliure 1943<\/b><\/span><\/span><\/p>\n<p><span style=\"color: #000099;\"><span style=\"font-size: medium;\"><b><span style=\"color: #ffffff;\"><span style=\"font-family: Times New Roman, serif;\"><span lang=\"es-ES\">_<\/span><\/span><\/span><span style=\"color: #202122;\"><span style=\"font-family: Times New Roman, serif;\"><span lang=\"es-ES\">Mariano Benlliure Gil <\/span><\/span><\/span><\/b><span style=\"color: #202122;\"><span style=\"font-family: Times New Roman, serif;\"><span lang=\"es-ES\">(Valencia, 8 de septiembre de 1862-Madrid, 9 de noviembre de 1947)<\/span><\/span><\/span><b> <\/b><span style=\"color: #000000;\"><span style=\"font-family: Times New Roman, serif;\"><span lang=\"es-ES\">fue un <\/span><\/span><\/span><a href=\"https:\/\/es.wikipedia.org\/wiki\/Escultura\"><span style=\"color: #000000;\"><span style=\"font-family: Times New Roman, serif;\"><span lang=\"es-ES\">escultor<\/span><\/span><\/span><\/a><b> <\/b><a href=\"https:\/\/es.wikipedia.org\/wiki\/Espa\u00f1a\"><span style=\"color: #000000;\"><span style=\"font-family: Times New Roman, serif;\"><span lang=\"es-ES\">espa\u00f1ol<\/span><\/span><\/span><\/a><span style=\"color: #000000;\"><span style=\"font-family: Times New Roman, serif;\"><span lang=\"es-ES\">, considerado como el \u00faltimo gran maestro del realismo decimon\u00f3nico.<\/span><\/span><\/span><b> <\/b><\/span><\/span><\/p>\n<p lang=\"es-ES\"><span style=\"color: #000099;\"><span style=\"font-size: medium;\"><span style=\"color: #ffffff;\"><span style=\"font-family: Times New Roman, serif;\">_<\/span><\/span><span style=\"color: #000000;\"><span style=\"font-family: Times New Roman, serif;\">N<\/span><\/span><span style=\"color: #202122;\"><span style=\"font-family: Times New Roman, serif;\">aci\u00f3 en Valencia, en el n\u00ba16 de la calle Baja, en el seno de una familia de amplia tradici\u00f3n art\u00edstica, aunque humilde. Su madre fue \u00c1ngela Gil Campos y su padre fue Juan Antonio Benlliure Tom\u00e1s. Realizaba trabajos de decoraci\u00f3n de viviendas dibujando falsas perspectivas, elementos de jard\u00edn, jarrones, guirnaldas&#8230;, una pintura ornamental muy del gusto de la alta sociedad de la \u00e9poca. <\/span><\/span><\/span><\/span><\/p>\n<p lang=\"es-ES\"><span style=\"color: #000099;\"><span style=\"font-family: Times New Roman, serif;\"><span style=\"font-size: medium;\"><span style=\"color: #ffffff;\">_<\/span><span style=\"color: #202122;\">Mariano fue un creador muy precoz, a los nueve a\u00f1os Mariano se inici\u00f3 como tallista bajo la tutela de su hermano Pepe, en Madrid. Sus primeros concursos y exposiciones tuvieron lugar antes de cumplir los diez a\u00f1os. Hizo su primera obra importante en Zamora, a la temprana edad de quince a\u00f1os, en 1878. All\u00ed, la misma persona para la que trabajaba temporalmente su padre, le encarg\u00f3 un paso procesional, &#8216;El Descendido&#8217;, para la Real Cofrad\u00eda del Santo Entierro de esa ciudad.<\/span><b> <\/b><\/span><\/span><\/span><\/p>\n<p lang=\"es-ES\"><span style=\"color: #000099;\"><span style=\"font-family: Times New Roman, serif;\"><span style=\"font-size: medium;\"><span style=\"color: #ffffff;\">_<\/span><span style=\"color: #000000;\">El <\/span><span style=\"color: #000000;\"><b>Cristo Yacente de Ontinyent<\/b><\/span><span style=\"color: #000000;\"> lo realizo en 1943, aunque hay dos escultura similares que se encuentran en Hellin (Albacete) de 1942, y en Crevillente (Alicante) de 1946<\/span><\/span><\/span><\/span><\/p>\n<p>[\/vc_column_text][\/vc_column_inner][vc_column_inner width=\u00bb1\/6&#8243;][\/vc_column_inner][\/vc_row_inner][vc_row_inner row_type=\u00bbrow\u00bb type=\u00bbgrid\u00bb text_align=\u00bbleft\u00bb css_animation=\u00bb\u00bb css=\u00bb.vc_custom_1521812433367{padding-bottom: 40px !important;}\u00bb][vc_column_inner width=\u00bb1\/6&#8243;][\/vc_column_inner][vc_column_inner width=\u00bb2\/6&#8243;][vc_column_text]<\/p>\n<p lang=\"es-ES\"><span style=\"color: #000099;\"><span style=\"font-family: Times New Roman, serif;\"><span style=\"font-size: medium;\"><span style=\"color: #ffffff;\">_<\/span><span style=\"color: #000000; font-size: 12pt;\">Cabe destacar que Hell\u00edn estuvo a punto en dos ocasiones de perder la singular imagen que realiz\u00f3 Mariano Benlliure; una de ellas fue el mismo escultor que una vez concluido el trabajo del Cristo no quiso desprenderse de la imagen e intent\u00f3 quedarse con ella.<\/span><\/span><\/span><\/span><\/p>\n<p>[\/vc_column_text][\/vc_column_inner][vc_column_inner width=\u00bb2\/6&#8243;][vc_column_text]<\/p>\n<p lang=\"es-ES\"><span style=\"color: #000099;\"><span style=\"color: #202122;\"> <span style=\"font-size: medium;\"><span style=\"font-family: Times New Roman, serif;\">La segunda ocasi\u00f3n fue el papa Pio XII que mand\u00f3 un comunicado a Hell\u00edn para traspasar la imagen del Yacente al Vaticano al precio que fuese. Sin duda Hell\u00edn dijo un \u00abno\u00bb a las dos propuestas, ya que es una verdadera figura de anatom\u00eda.<\/span><\/span> <\/span><\/span><\/p>\n<p lang=\"es-ES\"><a href=\"https:\/\/www.cofradiasontinyent.com\/wp-content\/uploads\/2025\/03\/Una-obra-de-Mariano-Belliure.pdf\"><strong><span style=\"color: #000000;\">Ampliar informaci\u00f3n<\/span><\/strong><\/a><\/p>\n<p>[\/vc_column_text][\/vc_column_inner][vc_column_inner width=\u00bb1\/6&#8243;][\/vc_column_inner][\/vc_row_inner][vc_row_inner row_type=\u00bbrow\u00bb type=\u00bbgrid\u00bb text_align=\u00bbleft\u00bb css_animation=\u00bb\u00bb css=\u00bb.vc_custom_1521812433367{padding-bottom: 40px !important;}\u00bb][vc_column_inner width=\u00bb5\/12&#8243;][\/vc_column_inner][vc_column_inner width=\u00bb3\/12&#8243;][vc_separator type=\u00bbtransparent\u00bb][vc_separator type=\u00bbtransparent\u00bb][layerslider_vc id=\u00bb1&#8243;][\/vc_column_inner][vc_column_inner width=\u00bb4\/12&#8243;][\/vc_column_inner][\/vc_row_inner][vc_row_inner row_type=\u00bbrow\u00bb type=\u00bbgrid\u00bb text_align=\u00bbleft\u00bb css_animation=\u00bb\u00bb css=\u00bb.vc_custom_1521812433367{padding-bottom: 40px !important;}\u00bb][vc_column_inner][vc_separator type=\u00bbtransparent\u00bb][vc_separator type=\u00bbtransparent\u00bb][vc_separator type=\u00bbtransparent\u00bb][vc_separator type=\u00bbtransparent\u00bb][vc_separator type=\u00bbtransparent\u00bb][vc_separator type=\u00bbtransparent\u00bb][\/vc_column_inner][\/vc_row_inner][\/vc_column][\/vc_row]<\/p>\n","protected":false},"excerpt":{"rendered":"<p>[vc_row css_animation=\u00bb\u00bb row_type=\u00bbrow\u00bb use_row_as_full_screen_section=\u00bbno\u00bb type=\u00bbfull_width\u00bb angled_section=\u00bbno\u00bb text_align=\u00bbleft\u00bb background_image_as_pattern=\u00bbwithout_pattern\u00bb css=\u00bb.vc_custom_1521812392429{padding-top: 130px !important;background-color: #ffffff !important;}\u00bb z_index=\u00bb\u00bb][vc_column][vc_separator type=\u00bbtransparent\u00bb][vc_row_inner row_type=\u00bbrow\u00bb type=\u00bbgrid\u00bb text_align=\u00bbleft\u00bb css_animation=\u00bb\u00bb css=\u00bb.vc_custom_1521812433367{padding-bottom: 40px !important;}\u00bb][vc_column_inner width=\u00bb1\/6&#8243;][\/vc_column_inner][vc_column_inner width=\u00bb2\/6&#8243;][vc_column_text] Cristo Yacente [\/vc_column_text][vc_gallery type=\u00bbflexslider_slide\u00bb interval=\u00bb5&#8243; images=\u00bb807,806,805,804,818&#8243; img_size=\u00bbfull\u00bb onclick=\u00bbimg_link_large\u00bb][\/vc_column_inner][vc_column_inner width=\u00bb2\/6&#8243;][vc_column_text] __El Cristo Yacente de Mariano Benlliure 1943 _Mariano Benlliure Gil (Valencia, 8&#8230;<\/p>\n","protected":false},"author":1,"featured_media":0,"parent":0,"menu_order":0,"comment_status":"closed","ping_status":"closed","template":"full_width.php","meta":{"footnotes":""},"class_list":["post-528","page","type-page","status-publish","hentry"],"_links":{"self":[{"href":"https:\/\/www.cofradiasontinyent.com\/index.php\/wp-json\/wp\/v2\/pages\/528","targetHints":{"allow":["GET"]}}],"collection":[{"href":"https:\/\/www.cofradiasontinyent.com\/index.php\/wp-json\/wp\/v2\/pages"}],"about":[{"href":"https:\/\/www.cofradiasontinyent.com\/index.php\/wp-json\/wp\/v2\/types\/page"}],"author":[{"embeddable":true,"href":"https:\/\/www.cofradiasontinyent.com\/index.php\/wp-json\/wp\/v2\/users\/1"}],"replies":[{"embeddable":true,"href":"https:\/\/www.cofradiasontinyent.com\/index.php\/wp-json\/wp\/v2\/comments?post=528"}],"version-history":[{"count":11,"href":"https:\/\/www.cofradiasontinyent.com\/index.php\/wp-json\/wp\/v2\/pages\/528\/revisions"}],"predecessor-version":[{"id":3510,"href":"https:\/\/www.cofradiasontinyent.com\/index.php\/wp-json\/wp\/v2\/pages\/528\/revisions\/3510"}],"wp:attachment":[{"href":"https:\/\/www.cofradiasontinyent.com\/index.php\/wp-json\/wp\/v2\/media?parent=528"}],"curies":[{"name":"wp","href":"https:\/\/api.w.org\/{rel}","templated":true}]}}